{"id":53,"date":"2021-10-22T18:29:46","date_gmt":"2021-10-22T18:29:46","guid":{"rendered":"https:\/\/estudioeurisco.com\/en\/?page_id=53"},"modified":"2023-09-15T08:01:29","modified_gmt":"2023-09-15T07:01:29","slug":"history-experience","status":"publish","type":"page","link":"https:\/\/estudioeurisco.com\/en\/about-us\/history-experience\/","title":{"rendered":"History + Experience"},"content":{"rendered":"<p>[et_pb_section fb_built=&#8221;1&#8243; fullwidth=&#8221;on&#8221; admin_label=&#8221;Header&#8221; module_id=&#8221;marquee&#8221; module_class=&#8221;huge&#8221; _builder_version=&#8221;4.21.2&#8243; background_color=&#8221;#343434&#8243; background_image=&#8221;https:\/\/estudioeurisco.com\/en\/wp-content\/uploads\/2021\/11\/hd-history-experience-lg.jpg&#8221; parallax=&#8221;on&#8221; background_last_edited=&#8221;on|phone&#8221; background_image_tablet=&#8221;https:\/\/estudioeurisco.com\/en\/wp-content\/uploads\/2021\/11\/hd-history-experience-md.jpg&#8221; background_image_phone=&#8221;https:\/\/estudioeurisco.com\/en\/wp-content\/uploads\/2021\/11\/hd-history-experience-sm.jpg&#8221; background_enable_image_tablet=&#8221;on&#8221; background_enable_image_phone=&#8221;on&#8221; locked=&#8221;off&#8221; global_colors_info=&#8221;{}&#8221; title_text_tablet=&#8221;hd-history-experience-md&#8221; title_text_phone=&#8221;hd-history-experience-sm&#8221;][et_pb_fullwidth_header title=&#8221;@ET-DC@eyJkeW5hbWljIjp0cnVlLCJjb250ZW50IjoiY3VzdG9tX21ldGFfY21fdGl0bGUiLCJzZXR0aW5ncyI6eyJiZWZvcmUiOiIiLCJhZnRlciI6IiIsImVuYWJsZV9odG1sIjoib24ifX0=@&#8221; subhead=&#8221;@ET-DC@eyJkeW5hbWljIjp0cnVlLCJjb250ZW50IjoiY3VzdG9tX21ldGFfY21fc3VidGl0bGUiLCJzZXR0aW5ncyI6eyJiZWZvcmUiOiIiLCJhZnRlciI6IiIsImVuYWJsZV9odG1sIjoib24ifX0=@&#8221; text_orientation=&#8221;center&#8221; subhead_last_edited=&#8221;off|desktop&#8221; admin_label=&#8221;Custom headline &#8211; header&#8221; module_class=&#8221;cm-waypoint&#8221; _builder_version=&#8221;4.21.2&#8243; _dynamic_attributes=&#8221;title,subhead&#8221; subhead_font=&#8221;||||||||&#8221; background_enable_color=&#8221;off&#8221; background_enable_image=&#8221;off&#8221; custom_padding_last_edited=&#8221;off|desktop&#8221; animation_direction=&#8221;bottom&#8221; title_font_size_last_edited=&#8221;off|desktop&#8221; title_letter_spacing_last_edited=&#8221;off|desktop&#8221; content_font_size_last_edited=&#8221;off|desktop&#8221; subhead_font_size_last_edited=&#8221;off|tablet&#8221; background_last_edited=&#8221;off|phone&#8221; background_enable_image_tablet=&#8221;off&#8221; parallax_phone=&#8221;off&#8221; global_colors_info=&#8221;{}&#8221; title_text_tablet=&#8221;hd-descripcion-imagen-sm&#8221;][\/et_pb_fullwidth_header][\/et_pb_section][et_pb_section fb_built=&#8221;1&#8243; custom_padding_last_edited=&#8221;off|desktop&#8221; admin_label=&#8221;Row 1 &#8211; A brief history &#8221; module_id=&#8221;row_1&#8243; _builder_version=&#8221;4.16&#8243; background_enable_color=&#8221;off&#8221; locked=&#8221;off&#8221; global_colors_info=&#8221;{}&#8221;][et_pb_row column_padding_mobile=&#8221;on&#8221; admin_label=&#8221;Row&#8221; module_class=&#8221;bk_intro&#8221; _builder_version=&#8221;4.21.0&#8243; background_enable_color=&#8221;off&#8221; background_size=&#8221;initial&#8221; background_position=&#8221;top_left&#8221; background_repeat=&#8221;repeat&#8221; width=&#8221;100%&#8221; animation_direction=&#8221;bottom&#8221; locked=&#8221;off&#8221; global_colors_info=&#8221;{}&#8221;][et_pb_column type=&#8221;4_4&#8243; _builder_version=&#8221;4.16&#8243; custom_padding=&#8221;|||&#8221; global_colors_info=&#8221;{}&#8221; custom_padding__hover=&#8221;|||&#8221;][et_pb_text admin_label=&#8221;Intro &#8211; Title&#8221; module_class=&#8221;cm-waypoint clr-highlight&#8221; _builder_version=&#8221;4.21.2&#8243; text_font_size=&#8221;20&#8243; background_size=&#8221;initial&#8221; background_position=&#8221;top_left&#8221; background_repeat=&#8221;repeat&#8221; custom_margin=&#8221;||20px|&#8221; use_border_color=&#8221;off&#8221; global_colors_info=&#8221;{}&#8221;]<\/p>\n<h3>Our <span class=\"txt_highlight\">experience<\/span>.<\/h3>\n<p>[\/et_pb_text][et_pb_text admin_label=&#8221;Text&#8221; _builder_version=&#8221;4.20.2&#8243; text_font=&#8221;||||&#8221; text_font_size=&#8221;24&#8243; text_line_height=&#8221;1.4em&#8221; background_size=&#8221;initial&#8221; background_position=&#8221;top_left&#8221; background_repeat=&#8221;repeat&#8221; module_alignment=&#8221;center&#8221; custom_margin=&#8221;7px|||&#8221; use_border_color=&#8221;off&#8221; global_colors_info=&#8221;{}&#8221;]<\/p>\n<p class=\"lead\">Our constant evolution stems from our interaction with each project, driving us to learn and develop new and effective ways of working. This growth has elevated us as professionals and communicators, as evident in our achievements listed below.<\/p>\n<p>[\/et_pb_text][\/et_pb_column][\/et_pb_row][\/et_pb_section][et_pb_section fb_built=&#8221;1&#8243; custom_padding_last_edited=&#8221;off|desktop&#8221; admin_label=&#8221;Row 2 &#8211; Mar del Plata \/ Argentina &#8221; module_id=&#8221;row_2&#8243; module_class=&#8221;row_info&#8221; _builder_version=&#8221;4.16&#8243; global_colors_info=&#8221;{}&#8221;][et_pb_row column_structure=&#8221;1_2,1_2&#8243; use_custom_gutter=&#8221;on&#8221; make_equal=&#8221;on&#8221; column_padding_mobile=&#8221;on&#8221; custom_padding_last_edited=&#8221;off|desktop&#8221; admin_label=&#8221;Row&#8221; _builder_version=&#8221;4.16&#8243; background_size=&#8221;initial&#8221; background_position=&#8221;top_left&#8221; background_repeat=&#8221;repeat&#8221; max_width=&#8221;980px&#8221; module_alignment=&#8221;center&#8221; custom_padding=&#8221;||||false|false&#8221; custom_padding_tablet=&#8221;0px||0px||false|false&#8221; make_fullwidth=&#8221;off&#8221; use_custom_width=&#8221;off&#8221; width_unit=&#8221;on&#8221; global_colors_info=&#8221;{}&#8221;][et_pb_column type=&#8221;1_2&#8243; disabled_on=&#8221;on|on|off&#8221; _builder_version=&#8221;4.16&#8243; custom_padding=&#8221;|||&#8221; global_colors_info=&#8221;{}&#8221; custom_padding__hover=&#8221;|||&#8221;][et_pb_image src=&#8221;https:\/\/estudioeurisco.com\/en\/wp-content\/uploads\/2021\/11\/img-history-mar-del-plata-flag.jpg&#8221; alt=&#8221;The flag of Argentina and the isologo of Mar del Plata&#8221; title_text=&#8221;fig.1 &#8211; Mar del Plata flag&#8221; show_in_lightbox=&#8221;on&#8221; use_overlay=&#8221;on&#8221; overlay_icon_color=&#8221;#ffffff&#8221; hover_overlay_color=&#8221;rgba(15,54,226,0.6)&#8221; hover_icon=&#8221;&#xe042;||divi||400&#8243; align=&#8221;center&#8221; align_tablet=&#8221;center&#8221; align_phone=&#8221;&#8221; align_last_edited=&#8221;on|desktop&#8221; disabled_on=&#8221;on|on|off&#8221; admin_label=&#8221;Image&#8221; _builder_version=&#8221;4.16&#8243; custom_margin=&#8221;||20px||false|false&#8221; use_border_color=&#8221;off&#8221; locked=&#8221;off&#8221; global_colors_info=&#8221;{}&#8221;][\/et_pb_image][et_pb_text disabled_on=&#8221;off|off|off&#8221; admin_label=&#8221;Caption&#8221; _builder_version=&#8221;4.18.0&#8243; text_font=&#8221;||||&#8221; text_font_size=&#8221;24&#8243; text_line_height=&#8221;1.4em&#8221; background_size=&#8221;initial&#8221; background_position=&#8221;top_left&#8221; background_repeat=&#8221;repeat&#8221; module_alignment=&#8221;center&#8221; custom_margin_tablet=&#8221;||||false|false&#8221; custom_margin_last_edited=&#8221;off|desktop&#8221; text_font_size_tablet=&#8221;&#8221; text_font_size_phone=&#8221;&#8221; text_font_size_last_edited=&#8221;on|phone&#8221; use_border_color=&#8221;off&#8221; locked=&#8221;off&#8221; global_colors_info=&#8221;{}&#8221;]<\/p>\n<p class=\"caption\"><strong>Mar del Plata<\/strong> <br>The flag of Argentina and the isologo of Mar del Plata <em class=\"date\">(2000)<\/em><\/p>\n<p>[\/et_pb_text][\/et_pb_column][et_pb_column type=&#8221;1_2&#8243; _builder_version=&#8221;4.16&#8243; custom_padding=&#8221;|||&#8221; global_colors_info=&#8221;{}&#8221; custom_padding__hover=&#8221;|||&#8221;][et_pb_text admin_label=&#8221;Text&#8221; _builder_version=&#8221;4.21.0&#8243; text_font=&#8221;||||&#8221; background_size=&#8221;initial&#8221; background_position=&#8221;top_left&#8221; background_repeat=&#8221;repeat&#8221; max_width=&#8221;620px&#8221; custom_margin=&#8221;0px||0px|&#8221; text_font_size_last_edited=&#8221;off|desktop&#8221; use_border_color=&#8221;off&#8221; global_colors_info=&#8221;{}&#8221;]<\/p>\n<h3>Mar del Plata city,<br \/>Argentina <small>1998<\/small><\/h3>\n<h4>First prize in the<br \/>city&#8217;s corporate image contest.<\/h4>\n<p class=\"desc\">The awarding of the first prize for the corporate image of the city of Mar del Plata to <strong>Luciano Petrosini<\/strong> laid the foundation for the methodology of Eurisco Studio <em>(this work was carried out together with the designer Claudio Molina, who also won the award)<\/em>.<\/p>\n<p class=\"desc\">The city of Mar del Plata needed a graphic identity that would cement its status as a top tourist destination, second only to Buenos Aires. By improving its corporate image, the city hoped to have a positive impact on its economy.<\/p>\n<p class=\"desc\">However, the real success of this project was not limited to the award itself but in what happened afterwards. This achievement allowed us to deepen and work on printed and digital graphic design for different sectors, from banking to the cultural world, and to improve the work system with each project to be solved.<\/p>\n<p>[\/et_pb_text][et_pb_code disabled_on=&#8221;off|off|off&#8221; admin_label=&#8221;Continue reading &#8211; link&#8221; module_class=&#8221;learn_more w_icon&#8221; _builder_version=&#8221;4.20.2&#8243; _module_preset=&#8221;default&#8221; locked=&#8221;off&#8221; global_colors_info=&#8221;{}&#8221;]<a href=\"https:\/\/estudioeurisco.com\/en\/works\/project\/corporate-identity-city-argentina-mardelplata\/\" target=\"_blank\" rel=\"noopener\"><strong>Learn more:<\/strong> Mar del Plata &#8211; brand image identity<\/a>[\/et_pb_code][\/et_pb_column][\/et_pb_row][et_pb_row column_padding_mobile=&#8221;on&#8221; admin_label=&#8221;Row&#8221; module_class=&#8221;inner_footer&#8221; _builder_version=&#8221;4.16&#8243; background_enable_color=&#8221;off&#8221; background_size=&#8221;initial&#8221; background_position=&#8221;top_left&#8221; background_repeat=&#8221;repeat&#8221; max_width=&#8221;980px&#8221; module_alignment=&#8221;center&#8221; custom_margin_last_edited=&#8221;off|desktop&#8221; animation_direction=&#8221;bottom&#8221; locked=&#8221;off&#8221; global_colors_info=&#8221;{}&#8221;][et_pb_column type=&#8221;4_4&#8243; _builder_version=&#8221;4.16&#8243; custom_padding=&#8221;|||&#8221; global_colors_info=&#8221;{}&#8221; custom_padding__hover=&#8221;|||&#8221;][et_pb_list list_title=&#8221;Following pictures:&#8221; module_class=&#8221;caption_multi&#8221; with_title=&#8221;off&#8221; admin_label=&#8221;Caption multi&#8221; _builder_version=&#8221;4.16&#8243; _module_preset=&#8221;default&#8221; global_colors_info=&#8221;{}&#8221;][et_pb_list_item title=&#8221;fig. 2&#8243; _builder_version=&#8221;4.13.1&#8243; _module_preset=&#8221;default&#8221; global_colors_info=&#8221;{}&#8221;] Landscapes of the city of Mar del Plata, Argentina.[\/et_pb_list_item][et_pb_list_item title=&#8221;fig. 3&#8243; _builder_version=&#8221;4.13.1&#8243; _module_preset=&#8221;default&#8221; global_colors_info=&#8221;{}&#8221;]<strong>Press conference<\/strong> Presentation of the website of the Cathedral of Valencia to the media <em class=\"date\">(2007)<\/em>[\/et_pb_list_item][\/et_pb_list][\/et_pb_column][\/et_pb_row][\/et_pb_section][et_pb_section fb_built=&#8221;1&#8243; admin_label=&#8221;Row 3&#8243; module_id=&#8221;row_3&#8243; module_class=&#8221;row_multi_2&#8243; _builder_version=&#8221;4.16&#8243; background_enable_color=&#8221;off&#8221; custom_padding=&#8221;0px||0px|&#8221; custom_padding_tablet=&#8221;0px||0px|&#8221; transparent_background=&#8221;off&#8221; padding_mobile=&#8221;on&#8221; make_fullwidth=&#8221;off&#8221; use_custom_width=&#8221;off&#8221; width_unit=&#8221;on&#8221; global_colors_info=&#8221;{}&#8221;][et_pb_row column_structure=&#8221;1_2,1_2&#8243; use_custom_gutter=&#8221;on&#8221; gutter_width=&#8221;1&#8243; padding_mobile=&#8221;on&#8221; make_equal=&#8221;on&#8221; column_padding_mobile=&#8221;on&#8221; admin_label=&#8221;Row&#8221; module_class=&#8221; et_pb_row_fullwidth&#8221; _builder_version=&#8221;4.16&#8243; background_size=&#8221;initial&#8221; background_position=&#8221;top_left&#8221; background_repeat=&#8221;repeat&#8221; width=&#8221;100%&#8221; width_tablet=&#8221;100%&#8221; width_phone=&#8221;&#8221; width_last_edited=&#8221;on|desktop&#8221; max_width=&#8221;100%&#8221; max_width_tablet=&#8221;100%&#8221; max_width_phone=&#8221;&#8221; max_width_last_edited=&#8221;on|desktop&#8221; custom_padding=&#8221;0px||0px|&#8221; make_fullwidth=&#8221;on&#8221; use_custom_width=&#8221;off&#8221; width_unit=&#8221;on&#8221; custom_width_px=&#8221;680px&#8221; global_colors_info=&#8221;{}&#8221;][et_pb_column type=&#8221;1_2&#8243; _builder_version=&#8221;4.16&#8243; custom_padding=&#8221;|||&#8221; global_colors_info=&#8221;{}&#8221; custom_padding__hover=&#8221;|||&#8221;][et_pb_image src=&#8221;https:\/\/estudioeurisco.com\/en\/wp-content\/uploads\/2021\/11\/img-history-landscapes-of-mar-del-plata-1.jpg&#8221; alt=&#8221;Landscapes of the city of Mar del Plata, Argentina.&#8221; title_text=&#8221;fig. 2 &#8211; Landscapes of the city of Mar del Plata, Argentina.&#8221; show_bottom_space=&#8221;off&#8221; align_tablet=&#8221;center&#8221; align_phone=&#8221;&#8221; align_last_edited=&#8221;on|desktop&#8221; admin_label=&#8221;Image&#8221; _builder_version=&#8221;4.16&#8243; use_border_color=&#8221;off&#8221; global_colors_info=&#8221;{}&#8221;][\/et_pb_image][\/et_pb_column][et_pb_column type=&#8221;1_2&#8243; _builder_version=&#8221;4.16&#8243; background_color=&#8221;#efefe9&#8243; custom_padding=&#8221;|||&#8221; global_colors_info=&#8221;{}&#8221; custom_padding__hover=&#8221;|||&#8221;][et_pb_image src=&#8221;https:\/\/estudioeurisco.com\/en\/wp-content\/uploads\/2021\/11\/img-history-valencia-cathedral-website-presentation-1.jpg&#8221; alt=&#8221;Presentation of the website of the Cathedral of Valencia to the media &#8211; 2007&#8243; title_text=&#8221;fig. 3 &#8211; Press conference &#8211; Presentation of the website of the Cathedral of Valencia to the media &#8211; 2007&#8243; show_bottom_space=&#8221;off&#8221; align_tablet=&#8221;center&#8221; align_phone=&#8221;&#8221; align_last_edited=&#8221;on|desktop&#8221; admin_label=&#8221;Image&#8221; _builder_version=&#8221;4.16&#8243; use_border_color=&#8221;off&#8221; global_colors_info=&#8221;{}&#8221;][\/et_pb_image][\/et_pb_column][\/et_pb_row][\/et_pb_section][et_pb_section fb_built=&#8221;1&#8243; custom_padding_last_edited=&#8221;off|desktop&#8221; admin_label=&#8221;Row 4 &#8211; Valencia Cathedral &#8221; module_id=&#8221;row_4&#8243; module_class=&#8221;row_info&#8221; _builder_version=&#8221;4.16&#8243; background_enable_color=&#8221;off&#8221; custom_padding_phone=&#8221;40px||40px||false|false&#8221; transparent_background=&#8221;off&#8221; make_fullwidth=&#8221;off&#8221; use_custom_width=&#8221;off&#8221; width_unit=&#8221;on&#8221; global_colors_info=&#8221;{}&#8221;][et_pb_row column_structure=&#8221;1_2,1_2&#8243; use_custom_gutter=&#8221;on&#8221; make_equal=&#8221;on&#8221; column_padding_mobile=&#8221;on&#8221; custom_padding_last_edited=&#8221;off|phone&#8221; admin_label=&#8221;Row&#8221; _builder_version=&#8221;4.16&#8243; background_size=&#8221;initial&#8221; background_position=&#8221;top_left&#8221; background_repeat=&#8221;repeat&#8221; max_width=&#8221;980px&#8221; module_alignment=&#8221;center&#8221; make_fullwidth=&#8221;off&#8221; use_custom_width=&#8221;off&#8221; width_unit=&#8221;on&#8221; global_colors_info=&#8221;{}&#8221;][et_pb_column type=&#8221;1_2&#8243; disabled_on=&#8221;on|on|off&#8221; _builder_version=&#8221;4.16&#8243; custom_padding=&#8221;|||&#8221; global_colors_info=&#8221;{}&#8221; custom_padding__hover=&#8221;|||&#8221;][et_pb_image src=&#8221;https:\/\/estudioeurisco.com\/en\/wp-content\/uploads\/2021\/11\/img-history-interior-of-the-cathedral-of-valencia.jpg&#8221; alt=&#8221;Valencia Cathedral &#8211; Main corridor of the Cathedral&#8221; title_text=&#8221;fig. 4 &#8211; Valencia Cathedral &#8211; Main corridor of the Cathedral &#8211; 2018&#8243; show_in_lightbox=&#8221;on&#8221; use_overlay=&#8221;on&#8221; overlay_icon_color=&#8221;#000000&#8243; hover_icon=&#8221;&#xe042;||divi||400&#8243; align=&#8221;center&#8221; align_tablet=&#8221;center&#8221; align_phone=&#8221;&#8221; align_last_edited=&#8221;on|desktop&#8221; disabled_on=&#8221;on|on|off&#8221; admin_label=&#8221;Image&#8221; _builder_version=&#8221;4.17.3&#8243; custom_margin=&#8221;||20px||false|false&#8221; use_border_color=&#8221;off&#8221; locked=&#8221;off&#8221; global_colors_info=&#8221;{}&#8221;][\/et_pb_image][et_pb_text disabled_on=&#8221;off|off|off&#8221; admin_label=&#8221;Caption&#8221; _builder_version=&#8221;4.16&#8243; text_font=&#8221;||||&#8221; text_font_size=&#8221;24&#8243; text_line_height=&#8221;1.4em&#8221; background_size=&#8221;initial&#8221; background_position=&#8221;top_left&#8221; background_repeat=&#8221;repeat&#8221; module_alignment=&#8221;center&#8221; custom_margin_tablet=&#8221;||||false|false&#8221; custom_margin_last_edited=&#8221;off|desktop&#8221; text_font_size_tablet=&#8221;&#8221; text_font_size_phone=&#8221;&#8221; text_font_size_last_edited=&#8221;on|phone&#8221; use_border_color=&#8221;off&#8221; locked=&#8221;off&#8221; global_colors_info=&#8221;{}&#8221;]<\/p>\n<p class=\"caption\"><strong>Valencia Cathedral<\/strong> <br>Main corridor of the Cathedral <em class=\"date\">(2018)<\/em><\/p>\n<p>[\/et_pb_text][\/et_pb_column][et_pb_column type=&#8221;1_2&#8243; _builder_version=&#8221;4.16&#8243; custom_padding=&#8221;|||&#8221; global_colors_info=&#8221;{}&#8221; custom_padding__hover=&#8221;|||&#8221;][et_pb_text admin_label=&#8221;Text&#8221; _builder_version=&#8221;4.21.0&#8243; text_font=&#8221;||||&#8221; background_size=&#8221;initial&#8221; background_position=&#8221;top_left&#8221; background_repeat=&#8221;repeat&#8221; max_width=&#8221;620px&#8221; custom_margin=&#8221;0px||0px|&#8221; text_font_size_last_edited=&#8221;off|desktop&#8221; use_border_color=&#8221;off&#8221; global_colors_info=&#8221;{}&#8221;]<\/p>\n<h3>Valencia Cathedral <small>2007 &#8211; 2026<\/small><\/h3>\n<h4>Online Identity.<\/h4>\n<p class=\"desc\">Since 2007 we have been working with Valencia Cathedral, an institution with a rich history dating back more than eight centuries. The Cathedral, consecrated in 1238 and dedicated to Saint Mary, is a true jewel of international importance, attracting thousands of faithful and tourists from all over the world every year.<\/p>\n<p class=\"desc\">We made it our mission to strengthen the cathedral&#8217;s digital presence by creating a large, functional website that meets the needs of its visitors. We have also developed a simple but powerful website for the archive-library and for a cataloguing system for the material and artistic heritage. We also designed a website for the museum that includes a virtual tour and a comprehensive branding system, which we explain in more detail below.<\/p>\n<p class=\"desc\">Designing websites for institutions with such a priceless legacy is a major challenge that requires careful planning, meticulous design, relevant content and excellent usability. Our many years of experience in this field have enabled us to perfect our processes to create websites that meet the specific needs of the audience in an effective and user-friendly way for our clients.<\/p>\n<p>[\/et_pb_text][et_pb_code disabled_on=&#8221;off|off|off&#8221; admin_label=&#8221;Continue reading &#8211; link&#8221; module_class=&#8221;learn_more w_icon&#8221; _builder_version=&#8221;4.20.2&#8243; _module_preset=&#8221;default&#8221; locked=&#8221;off&#8221; global_colors_info=&#8221;{}&#8221;]<a href=\"https:\/\/estudioeurisco.com\/en\/works\/project\/web-design-for-valencia-cathedral-official-website\/\" target=\"_blank\" rel=\"noopener\"><strong>Learn more:<\/strong> Valencia Cathedral &#8211; brand image identity and website<\/a>[\/et_pb_code][\/et_pb_column][\/et_pb_row][et_pb_row column_padding_mobile=&#8221;on&#8221; admin_label=&#8221;Row&#8221; module_class=&#8221;inner_footer&#8221; _builder_version=&#8221;4.16&#8243; background_enable_color=&#8221;off&#8221; background_size=&#8221;initial&#8221; background_position=&#8221;top_left&#8221; background_repeat=&#8221;repeat&#8221; max_width=&#8221;980px&#8221; module_alignment=&#8221;center&#8221; custom_margin_last_edited=&#8221;off|desktop&#8221; animation_direction=&#8221;bottom&#8221; locked=&#8221;off&#8221; global_colors_info=&#8221;{}&#8221;][et_pb_column type=&#8221;4_4&#8243; _builder_version=&#8221;4.16&#8243; custom_padding=&#8221;|||&#8221; global_colors_info=&#8221;{}&#8221; custom_padding__hover=&#8221;|||&#8221;][et_pb_list list_title=&#8221;Following pictures:&#8221; module_class=&#8221;caption_multi&#8221; with_title=&#8221;off&#8221; admin_label=&#8221;Caption multi&#8221; _builder_version=&#8221;4.16&#8243; _module_preset=&#8221;default&#8221; locked=&#8221;off&#8221; global_colors_info=&#8221;{}&#8221;][et_pb_list_item title=&#8221;fig. 5&#8243; _builder_version=&#8221;4.13.1&#8243; _module_preset=&#8221;default&#8221; global_colors_info=&#8221;{}&#8221;]<strong>Valencia Cathedral<\/strong> Main entrance, &#8220;Entrada de los Hierros&#8221; <em class=\"date\">(2018)<\/em> [\/et_pb_list_item][et_pb_list_item title=&#8221;fig. 6&#8243; _builder_version=&#8221;4.13.1&#8243; _module_preset=&#8221;default&#8221; global_colors_info=&#8221;{}&#8221;]Publication of the presentation of the cathedral website <em class=\"date\">(2007)<\/em> [\/et_pb_list_item][\/et_pb_list][\/et_pb_column][\/et_pb_row][\/et_pb_section][et_pb_section fb_built=&#8221;1&#8243; admin_label=&#8221;Row 5&#8243; module_id=&#8221;row_5&#8243; module_class=&#8221;row_multi_2&#8243; _builder_version=&#8221;4.16&#8243; background_enable_color=&#8221;off&#8221; custom_padding=&#8221;0px||0px|&#8221; custom_padding_tablet=&#8221;0px||0px|&#8221; transparent_background=&#8221;off&#8221; padding_mobile=&#8221;on&#8221; make_fullwidth=&#8221;off&#8221; use_custom_width=&#8221;off&#8221; width_unit=&#8221;on&#8221; global_colors_info=&#8221;{}&#8221;][et_pb_row column_structure=&#8221;1_2,1_2&#8243; use_custom_gutter=&#8221;on&#8221; gutter_width=&#8221;1&#8243; padding_mobile=&#8221;on&#8221; make_equal=&#8221;on&#8221; column_padding_mobile=&#8221;on&#8221; admin_label=&#8221;Row&#8221; module_class=&#8221; et_pb_row_fullwidth&#8221; _builder_version=&#8221;4.16&#8243; background_size=&#8221;initial&#8221; background_position=&#8221;top_left&#8221; background_repeat=&#8221;repeat&#8221; width=&#8221;100%&#8221; width_tablet=&#8221;100%&#8221; width_phone=&#8221;&#8221; width_last_edited=&#8221;on|desktop&#8221; max_width=&#8221;100%&#8221; max_width_tablet=&#8221;100%&#8221; max_width_phone=&#8221;&#8221; max_width_last_edited=&#8221;on|desktop&#8221; custom_padding=&#8221;0px||0px|&#8221; make_fullwidth=&#8221;on&#8221; use_custom_width=&#8221;off&#8221; width_unit=&#8221;on&#8221; custom_width_px=&#8221;680px&#8221; global_colors_info=&#8221;{}&#8221;][et_pb_column type=&#8221;1_2&#8243; _builder_version=&#8221;4.16&#8243; custom_padding=&#8221;|||&#8221; global_colors_info=&#8221;{}&#8221; custom_padding__hover=&#8221;|||&#8221;][et_pb_image src=&#8221;https:\/\/estudioeurisco.com\/en\/wp-content\/uploads\/2021\/11\/img-history-valencia-cathedral-website-presentation-3.jpg&#8221; alt=&#8221;Valencia Cathedral &#8211; Main entrance&#8221; title_text=&#8221;fig. 5 &#8211; Valencia Cathedral &#8211; Main entrance&#8221; show_bottom_space=&#8221;off&#8221; align_tablet=&#8221;center&#8221; align_phone=&#8221;&#8221; align_last_edited=&#8221;on|desktop&#8221; admin_label=&#8221;Image&#8221; _builder_version=&#8221;4.16&#8243; use_border_color=&#8221;off&#8221; global_colors_info=&#8221;{}&#8221;][\/et_pb_image][\/et_pb_column][et_pb_column type=&#8221;1_2&#8243; _builder_version=&#8221;4.16&#8243; background_color=&#8221;#efefe9&#8243; custom_padding=&#8221;|||&#8221; global_colors_info=&#8221;{}&#8221; custom_padding__hover=&#8221;|||&#8221;][et_pb_image src=&#8221;https:\/\/estudioeurisco.com\/en\/wp-content\/uploads\/2021\/11\/img-history-valencia-cathedral-website-presentation-2.jpg&#8221; title_text=&#8221;fig. 6 &#8211; Publication of the presentation of the cathedral website &#8211; 2007&#8243; show_bottom_space=&#8221;off&#8221; align_tablet=&#8221;center&#8221; align_phone=&#8221;&#8221; align_last_edited=&#8221;on|desktop&#8221; admin_label=&#8221;Image&#8221; _builder_version=&#8221;4.16&#8243; use_border_color=&#8221;off&#8221; global_colors_info=&#8221;{}&#8221;][\/et_pb_image][\/et_pb_column][\/et_pb_row][\/et_pb_section][et_pb_section fb_built=&#8221;1&#8243; custom_padding_last_edited=&#8221;off|desktop&#8221; admin_label=&#8221;Row 6 &#8211; Press and Publications&#8221; module_id=&#8221;row_6&#8243; module_class=&#8221;row_info&#8221; _builder_version=&#8221;4.16&#8243; background_enable_color=&#8221;off&#8221; custom_padding_phone=&#8221;40px||40px||false|false&#8221; transparent_background=&#8221;off&#8221; make_fullwidth=&#8221;off&#8221; use_custom_width=&#8221;off&#8221; width_unit=&#8221;on&#8221; global_colors_info=&#8221;{}&#8221;][et_pb_row column_structure=&#8221;1_2,1_2&#8243; use_custom_gutter=&#8221;on&#8221; column_padding_mobile=&#8221;on&#8221; custom_padding_last_edited=&#8221;off|phone&#8221; admin_label=&#8221;Row&#8221; _builder_version=&#8221;4.16&#8243; background_size=&#8221;initial&#8221; background_position=&#8221;top_left&#8221; background_repeat=&#8221;repeat&#8221; max_width=&#8221;980px&#8221; make_fullwidth=&#8221;on&#8221; use_custom_width=&#8221;on&#8221; custom_width_px=&#8221;880px&#8221; global_colors_info=&#8221;{}&#8221; custom_padding__hover_enabled=&#8221;off|desktop&#8221;][et_pb_column type=&#8221;1_2&#8243; disabled_on=&#8221;on|on|off&#8221; _builder_version=&#8221;4.16&#8243; custom_padding=&#8221;|||&#8221; global_colors_info=&#8221;{}&#8221; custom_padding__hover=&#8221;|||&#8221;][et_pb_image src=&#8221;https:\/\/estudioeurisco.com\/en\/wp-content\/uploads\/2021\/11\/img-history-acido-surtido.jpg&#8221; alt=&#8221;Magazine \u00c1cido Surtido #21&#8243; title_text=&#8221;fig. 7 &#8211; \u00c1cido Surtido #21 &#8211; Design carried out by the Studio &#8211; 2010&#8243; show_in_lightbox=&#8221;on&#8221; use_overlay=&#8221;on&#8221; overlay_icon_color=&#8221;#ffffff&#8221; hover_overlay_color=&#8221;rgba(0,0,0,0.6)&#8221; hover_icon=&#8221;&#xe042;||divi||400&#8243; force_fullwidth=&#8221;on&#8221; align_tablet=&#8221;center&#8221; align_phone=&#8221;&#8221; align_last_edited=&#8221;on|desktop&#8221; disabled_on=&#8221;off|off|off&#8221; admin_label=&#8221;Image&#8221; _builder_version=&#8221;4.17.3&#8243; custom_margin=&#8221;0px||20px||false|false&#8221; custom_margin_tablet=&#8221;0px|||&#8221; custom_margin_last_edited=&#8221;off|desktop&#8221; animation_style=&#8221;fade&#8221; animation_direction=&#8221;left&#8221; animation_duration=&#8221;500ms&#8221; use_border_color=&#8221;off&#8221; global_colors_info=&#8221;{}&#8221;][\/et_pb_image][et_pb_text disabled_on=&#8221;off|off|off&#8221; admin_label=&#8221;Caption&#8221; _builder_version=&#8221;4.16&#8243; text_font=&#8221;||||&#8221; text_font_size=&#8221;24&#8243; text_line_height=&#8221;1.4em&#8221; background_size=&#8221;initial&#8221; background_position=&#8221;top_left&#8221; background_repeat=&#8221;repeat&#8221; background_layout=&#8221;dark&#8221; module_alignment=&#8221;center&#8221; custom_margin_tablet=&#8221;||||false|false&#8221; custom_margin_last_edited=&#8221;off|desktop&#8221; text_font_size_tablet=&#8221;&#8221; text_font_size_phone=&#8221;&#8221; text_font_size_last_edited=&#8221;on|phone&#8221; use_border_color=&#8221;off&#8221; locked=&#8221;off&#8221; global_colors_info=&#8221;{}&#8221;]<\/p>\n<p class=\"caption\"><strong>\u00c1cido Surtido #21<\/strong> <br>Design carried out by the Studio <em class=\"date\">(2010)<\/em> <br><small class=\"copyright\">\u00a9 \u00c1cido Surtido<\/small><\/p>\n<p>[\/et_pb_text][\/et_pb_column][et_pb_column type=&#8221;1_2&#8243; _builder_version=&#8221;4.16&#8243; custom_padding=&#8221;|||&#8221; global_colors_info=&#8221;{}&#8221; custom_padding__hover=&#8221;|||&#8221;][et_pb_text admin_label=&#8221;Text&#8221; _builder_version=&#8221;4.21.0&#8243; text_font=&#8221;||||&#8221; text_font_size=&#8221;20&#8243; text_line_height=&#8221;1.4em&#8221; background_size=&#8221;initial&#8221; background_position=&#8221;top_left&#8221; background_repeat=&#8221;repeat&#8221; max_width=&#8221;620px&#8221; custom_margin_tablet=&#8221;||||false|false&#8221; custom_margin_last_edited=&#8221;off|desktop&#8221; text_font_size_tablet=&#8221;&#8221; text_font_size_phone=&#8221;&#8221; text_font_size_last_edited=&#8221;on|tablet&#8221; use_border_color=&#8221;off&#8221; global_colors_info=&#8221;{}&#8221;]<\/p>\n<h3>Press and Publications <small>1998 &#8211; 2026<\/small><\/h3>\n<p class=\"desc\">Over the years, we have been fortunate to see our work recognised and showcased in a variety of graphic media, both print and digital. However, our success extends beyond mere exposure. We have also been privileged to contribute featured articles to major graphic design events, such as the <strong>Lisbon Graphic Design Biennale<\/strong>.<\/p>\n<p class=\"desc\">Our designs have been featured for their creativity in prestigious publications like <strong>\u00c9tapes<\/strong> (France) and <strong>Tipogr\u00e1fica<\/strong> (Argentina).<\/p>\n<p class=\"desc\">We have also been invited to participate in other editorial projects. For instance, we were commissioned to create a typographic design for one of the sides of <strong>\u00c1cido Surtido<\/strong> magazine&#8217;s 21st issue. We invite you to <a href=\"https:\/\/estudioeurisco.com\/en\/works\/project\/editorial-design-collaborative-editorial-project-intimo\/\" target=\"_blank\" rel=\"noopener\">check out its case study<\/a> to see the result of our collaboration.<\/p>\n<p class=\"desc\">If you\u2019re interested in discovering more about our publications, we encourage you to explore <a href=\"https:\/\/estudioeurisco.com\/en\/about-us\/press-and-publications\/\">our selection<\/a>. There, you will learn more about our work and trajectory in the fascinating field of creativity and visual communication.<\/p>\n<p>[\/et_pb_text][et_pb_code disabled_on=&#8221;off|off|off&#8221; admin_label=&#8221;Continue reading &#8211; link&#8221; module_class=&#8221;learn_more w_icon&#8221; _builder_version=&#8221;4.20.2&#8243; _module_preset=&#8221;default&#8221; locked=&#8221;off&#8221; global_colors_info=&#8221;{}&#8221;]<a href=\"https:\/\/estudioeurisco.com\/en\/about-us\/press-and-publications\/\" target=\"_blank\" rel=\"noopener\"><strong>Learn more:<\/strong> Publications and press of the Eurisco Studio<\/a>[\/et_pb_code][\/et_pb_column][\/et_pb_row][et_pb_row column_padding_mobile=&#8221;on&#8221; admin_label=&#8221;Row&#8221; module_class=&#8221;inner_footer&#8221; _builder_version=&#8221;4.16&#8243; background_enable_color=&#8221;off&#8221; background_size=&#8221;initial&#8221; background_position=&#8221;top_left&#8221; background_repeat=&#8221;repeat&#8221; max_width=&#8221;980px&#8221; module_alignment=&#8221;center&#8221; custom_margin_last_edited=&#8221;off|desktop&#8221; animation_direction=&#8221;bottom&#8221; locked=&#8221;off&#8221; global_colors_info=&#8221;{}&#8221;][et_pb_column type=&#8221;4_4&#8243; _builder_version=&#8221;4.16&#8243; custom_padding=&#8221;|||&#8221; global_colors_info=&#8221;{}&#8221; custom_padding__hover=&#8221;|||&#8221;][et_pb_list list_title=&#8221;Following pictures:&#8221; module_class=&#8221;caption_multi&#8221; with_title=&#8221;off&#8221; admin_label=&#8221;Caption multi&#8221; _builder_version=&#8221;4.21.0&#8243; _module_preset=&#8221;default&#8221; locked=&#8221;off&#8221; global_colors_info=&#8221;{}&#8221;][et_pb_list_item title=&#8221;fig. 8&#8243; _builder_version=&#8221;4.13.1&#8243; _module_preset=&#8221;default&#8221; global_colors_info=&#8221;{}&#8221;]<strong>Acid Experience<\/strong> compendium of collaborations <em class=\"date\">(2006)<\/em> <small class=\"copyright\">\u00a9 \u00c1cido Surtido<\/small>[\/et_pb_list_item][et_pb_list_item title=&#8221;fig. 9&#8243; _builder_version=&#8221;4.13.1&#8243; _module_preset=&#8221;default&#8221; global_colors_info=&#8221;{}&#8221;]<strong>\u00c9tapes<\/strong> #76 <em class=\"date\">(2001)<\/em> <small class=\"copyright\">\u00a9 PYRAMYD<\/small> [\/et_pb_list_item][et_pb_list_item title=&#8221;fig. 10&#8243; _builder_version=&#8221;4.13.1&#8243; _module_preset=&#8221;default&#8221; global_colors_info=&#8221;{}&#8221;]<strong>tipoGr\u00e1fica<\/strong> tpG #30 <em class=\"date\">(1996)<\/em> <small class=\"copyright\">\u00a9 Fontana<\/small> [\/et_pb_list_item][et_pb_list_item title=&#8221;fig. 11&#8243; _builder_version=&#8221;4.13.1&#8243; _module_preset=&#8221;default&#8221; global_colors_info=&#8221;{}&#8221;]<strong>\u00c1cido Surtido<\/strong> Leve #6 <em class=\"date\">(2003)<\/em> <small class=\"copyright\">\u00a9 lat\u00ednGr\u00e1fica<\/small> [\/et_pb_list_item][et_pb_list_item title=&#8221;fig. 12&#8243; _builder_version=&#8221;4.13.1&#8243; _module_preset=&#8221;default&#8221; global_colors_info=&#8221;{}&#8221;]<strong>tipoGr\u00e1fica<\/strong> tpG #44 <em class=\"date\">(2000)<\/em> <small class=\"copyright\">\u00a9 Fontana<\/small> [\/et_pb_list_item][et_pb_list_item title=&#8221;fig. 13&#8243; _builder_version=&#8221;4.13.1&#8243; _module_preset=&#8221;default&#8221; global_colors_info=&#8221;{}&#8221;]<strong>\u00c9tapes<\/strong> #75 <em class=\"date\">(2001)<\/em> <small class=\"copyright\">\u00a9 PYRAMYD<\/small> [\/et_pb_list_item][\/et_pb_list][\/et_pb_column][\/et_pb_row][\/et_pb_section][et_pb_section fb_built=&#8221;1&#8243; admin_label=&#8221;Row 7&#8243; module_id=&#8221;row_7&#8243; module_class=&#8221;row_multi_6&#8243; _builder_version=&#8221;4.16&#8243; background_enable_color=&#8221;off&#8221; custom_padding=&#8221;0px||0px|&#8221; custom_padding_tablet=&#8221;0px||0px|&#8221; transparent_background=&#8221;off&#8221; padding_mobile=&#8221;on&#8221; make_fullwidth=&#8221;off&#8221; use_custom_width=&#8221;off&#8221; width_unit=&#8221;on&#8221; global_colors_info=&#8221;{}&#8221;][et_pb_row column_structure=&#8221;1_6,1_6,1_6,1_6,1_6,1_6&#8243; use_custom_gutter=&#8221;on&#8221; gutter_width=&#8221;1&#8243; padding_mobile=&#8221;on&#8221; make_equal=&#8221;on&#8221; column_padding_mobile=&#8221;on&#8221; admin_label=&#8221;Row&#8221; module_class=&#8221; et_pb_row_fullwidth&#8221; _builder_version=&#8221;4.16&#8243; background_size=&#8221;initial&#8221; background_position=&#8221;top_left&#8221; background_repeat=&#8221;repeat&#8221; width=&#8221;100%&#8221; width_tablet=&#8221;100%&#8221; width_phone=&#8221;&#8221; width_last_edited=&#8221;on|desktop&#8221; max_width=&#8221;100%&#8221; max_width_tablet=&#8221;100%&#8221; max_width_phone=&#8221;&#8221; max_width_last_edited=&#8221;on|desktop&#8221; custom_padding=&#8221;0px||0px|&#8221; make_fullwidth=&#8221;on&#8221; use_custom_width=&#8221;off&#8221; width_unit=&#8221;on&#8221; custom_width_px=&#8221;680px&#8221; global_colors_info=&#8221;{}&#8221;][et_pb_column type=&#8221;1_6&#8243; _builder_version=&#8221;4.16&#8243; custom_padding=&#8221;|||&#8221; global_colors_info=&#8221;{}&#8221; custom_padding__hover=&#8221;|||&#8221;][et_pb_image src=&#8221;https:\/\/estudioeurisco.com\/en\/wp-content\/uploads\/2021\/11\/img-history-publications-01.jpg&#8221; alt=&#8221;Book Acid Experience &#8211; 2006&#8243; title_text=&#8221;Acid Experience &#8211; 2006&#8243; admin_label=&#8221;Image&#8221; _builder_version=&#8221;4.16&#8243; global_colors_info=&#8221;{}&#8221;][\/et_pb_image][\/et_pb_column][et_pb_column type=&#8221;1_6&#8243; _builder_version=&#8221;4.16&#8243; background_color=&#8221;#efefe9&#8243; custom_padding=&#8221;|||&#8221; global_colors_info=&#8221;{}&#8221; custom_padding__hover=&#8221;|||&#8221;][et_pb_image src=&#8221;https:\/\/estudioeurisco.com\/en\/wp-content\/uploads\/2021\/11\/img-history-publications-02.jpg&#8221; alt=&#8221;Magazine \u00c9tapes: 76 &#8211; 2001&#8243; title_text=&#8221;Magazine \u00c9tapes: 76 &#8211; 2001&#8243; admin_label=&#8221;Image&#8221; _builder_version=&#8221;4.16&#8243; global_colors_info=&#8221;{}&#8221;][\/et_pb_image][\/et_pb_column][et_pb_column type=&#8221;1_6&#8243; _builder_version=&#8221;4.16&#8243; background_color=&#8221;#efefe9&#8243; custom_padding=&#8221;|||&#8221; global_colors_info=&#8221;{}&#8221; custom_padding__hover=&#8221;|||&#8221;][et_pb_image src=&#8221;https:\/\/estudioeurisco.com\/en\/wp-content\/uploads\/2021\/11\/img-history-publications-03.jpg&#8221; title_text=&#8221;tipoGr\u00e1fica #30 &#8211; 1996&#8243; admin_label=&#8221;Image&#8221; _builder_version=&#8221;4.16&#8243; global_colors_info=&#8221;{}&#8221;][\/et_pb_image][\/et_pb_column][et_pb_column type=&#8221;1_6&#8243; _builder_version=&#8221;4.16&#8243; background_color=&#8221;#efefe9&#8243; custom_padding=&#8221;|||&#8221; global_colors_info=&#8221;{}&#8221; custom_padding__hover=&#8221;|||&#8221;][et_pb_image src=&#8221;https:\/\/estudioeurisco.com\/en\/wp-content\/uploads\/2021\/11\/img-history-publications-05.jpg&#8221; title_text=&#8221;\u00c1cido Surtido &#8211; Leve &#8211; 6 &#8211; 2003&#8243; admin_label=&#8221;Image&#8221; _builder_version=&#8221;4.16&#8243; global_colors_info=&#8221;{}&#8221;][\/et_pb_image][\/et_pb_column][et_pb_column type=&#8221;1_6&#8243; _builder_version=&#8221;4.16&#8243; background_color=&#8221;#efefe9&#8243; custom_padding=&#8221;|||&#8221; global_colors_info=&#8221;{}&#8221; custom_padding__hover=&#8221;|||&#8221;][et_pb_image src=&#8221;https:\/\/estudioeurisco.com\/en\/wp-content\/uploads\/2021\/11\/img-history-publications-04.jpg&#8221; title_text=&#8221;tipoGr\u00e1fica #44 &#8211; 2000&#8243; admin_label=&#8221;Image&#8221; _builder_version=&#8221;4.16&#8243; global_colors_info=&#8221;{}&#8221;][\/et_pb_image][\/et_pb_column][et_pb_column type=&#8221;1_6&#8243; _builder_version=&#8221;4.16&#8243; background_color=&#8221;#efefe9&#8243; custom_padding=&#8221;|||&#8221; global_colors_info=&#8221;{}&#8221; custom_padding__hover=&#8221;|||&#8221;][et_pb_image src=&#8221;https:\/\/estudioeurisco.com\/en\/wp-content\/uploads\/2021\/11\/img-history-publications-06.jpg&#8221; alt=&#8221;Magazine \u00c9tapes: 75 &#8211; 2001&#8243; title_text=&#8221;Magazine \u00c9tapes: 75 &#8211; 2001&#8243; admin_label=&#8221;Image&#8221; _builder_version=&#8221;4.16&#8243; global_colors_info=&#8221;{}&#8221;][\/et_pb_image][\/et_pb_column][\/et_pb_row][\/et_pb_section][et_pb_section fb_built=&#8221;1&#8243; custom_padding_last_edited=&#8221;on|tablet&#8221; admin_label=&#8221;Row 8 &#8211; Sponsorship and collaborations &#8221; module_id=&#8221;row_8&#8243; module_class=&#8221;row_info&#8221; _builder_version=&#8221;4.20.2&#8243; background_enable_color=&#8221;off&#8221; custom_padding=&#8221;60px||0px||false|false&#8221; custom_padding_tablet=&#8221;40px||40px||false|false&#8221; custom_padding_phone=&#8221;40px||40px||false|false&#8221; transparent_background=&#8221;off&#8221; make_fullwidth=&#8221;off&#8221; use_custom_width=&#8221;off&#8221; width_unit=&#8221;on&#8221; global_colors_info=&#8221;{}&#8221;][et_pb_row column_structure=&#8221;1_2,1_2&#8243; make_equal=&#8221;on&#8221; column_padding_mobile=&#8221;on&#8221; custom_padding_last_edited=&#8221;off|tablet&#8221; admin_label=&#8221;Row&#8221; module_class=&#8221;cm_columns&#8221; _builder_version=&#8221;4.16&#8243; background_size=&#8221;initial&#8221; background_position=&#8221;top_left&#8221; background_repeat=&#8221;repeat&#8221; max_width=&#8221;980px&#8221; custom_padding_phone=&#8221;40px||40px||false|false&#8221; make_fullwidth=&#8221;on&#8221; use_custom_width=&#8221;on&#8221; width_unit=&#8221;on&#8221; custom_width_px=&#8221;880px&#8221; global_colors_info=&#8221;{}&#8221;][et_pb_column type=&#8221;1_2&#8243; module_class=&#8221;col_left&#8221; _builder_version=&#8221;4.16&#8243; custom_padding=&#8221;|||&#8221; global_colors_info=&#8221;{}&#8221; custom_padding__hover=&#8221;|||&#8221;][et_pb_text admin_label=&#8221;Text&#8221; _builder_version=&#8221;4.21.0&#8243; text_font=&#8221;||||&#8221; text_font_size=&#8221;20&#8243; text_line_height=&#8221;1.4em&#8221; background_size=&#8221;initial&#8221; background_position=&#8221;top_left&#8221; background_repeat=&#8221;repeat&#8221; background_layout=&#8221;dark&#8221; max_width=&#8221;480px&#8221; custom_margin_last_edited=&#8221;off|phone&#8221; text_font_size_tablet=&#8221;&#8221; text_font_size_phone=&#8221;&#8221; text_font_size_last_edited=&#8221;on|tablet&#8221; use_border_color=&#8221;off&#8221; global_colors_info=&#8221;{}&#8221;]<\/p>\n<h3>Sponsorship <br>and collaborations <small>2008 &#8211; 2026<\/small><\/h3>\n<p class=\"desc\">Since the beginning of our activity, we have not only actively worked on various projects related to culture, but also participated in social and sporting initiatives.<\/p>\n<p class=\"desc\">We are convinced that graphic design can help promote values that truly contribute to the betterment of society, highlighting the message and connecting with its specific audience in a creative, clear and functional way.<\/p>\n<p class=\"desc\">Whenever our schedule allows, we enjoy contributing to initiatives that improve people&#8217;s lives. <a href=\"https:\/\/estudioeurisco.com\/en\/about-us\/sponsorship-and-collaborations\/\" target=\"_blank\" rel=\"noopener\">These are some of the social, cultural and sports design projects<\/a> we have been involved in.<\/p>\n<p>[\/et_pb_text][et_pb_code disabled_on=&#8221;off|off|off&#8221; admin_label=&#8221;Continue reading &#8211; link&#8221; module_class=&#8221;learn_more w_icon&#8221; _builder_version=&#8221;4.20.2&#8243; _module_preset=&#8221;default&#8221; locked=&#8221;off&#8221; global_colors_info=&#8221;{}&#8221;]<a href=\"https:\/\/estudioeurisco.com\/en\/about-us\/sponsorship-and-collaborations\/\" target=\"_blank\" rel=\"noopener\"><strong>Learn more:<\/strong> Sponsorship and collaborations of Eurisco<\/a>[\/et_pb_code][\/et_pb_column][et_pb_column type=&#8221;1_2&#8243; module_class=&#8221;col_right&#8221; _builder_version=&#8221;4.16&#8243; custom_padding=&#8221;|||&#8221; global_colors_info=&#8221;{}&#8221; custom_padding__hover=&#8221;|||&#8221;][et_pb_image src=&#8221;https:\/\/estudioeurisco.com\/en\/wp-content\/uploads\/2021\/11\/img-history-patronage-and-sponsorship-poster-en-directo.jpg&#8221; alt=&#8221;<strong>En Directo<\/strong> Short film poster and corporate image <em>2014<\/em>&#8211; <em>\u00a9Imagen Factory<\/em>&#8221; title_text=&#8221;fig. 14 &#8211; En Directo &#8211; Short film poster and corporate image &#8211; 2014&#8243; show_in_lightbox=&#8221;on&#8221; use_overlay=&#8221;on&#8221; overlay_icon_color=&#8221;#ffffff&#8221; hover_overlay_color=&#8221;rgba(0,0,0,0.6)&#8221; hover_icon=&#8221;&#xe042;||divi||400&#8243; align=&#8221;center&#8221; align_tablet=&#8221;center&#8221; align_phone=&#8221;&#8221; align_last_edited=&#8221;on|desktop&#8221; admin_label=&#8221;Image&#8221; _builder_version=&#8221;4.21.2&#8243; custom_margin=&#8221;||20px||false|false&#8221; custom_margin_tablet=&#8221;0px||||false|false&#8221; custom_margin_last_edited=&#8221;off|desktop&#8221; animation_style=&#8221;fade&#8221; animation_duration=&#8221;500ms&#8221; use_border_color=&#8221;off&#8221; border_color=&#8221;#ffffff&#8221; border_style=&#8221;solid&#8221; animation=&#8221;fade_in&#8221; sticky=&#8221;on&#8221; always_center_on_mobile=&#8221;on&#8221; global_colors_info=&#8221;{}&#8221;][\/et_pb_image][et_pb_text disabled_on=&#8221;off|off|off&#8221; admin_label=&#8221;Caption&#8221; _builder_version=&#8221;4.16&#8243; text_font=&#8221;||||&#8221; text_font_size=&#8221;24&#8243; text_line_height=&#8221;1.4em&#8221; background_size=&#8221;initial&#8221; background_position=&#8221;top_left&#8221; background_repeat=&#8221;repeat&#8221; background_layout=&#8221;dark&#8221; module_alignment=&#8221;center&#8221; custom_margin_tablet=&#8221;||||false|false&#8221; custom_margin_last_edited=&#8221;off|desktop&#8221; text_font_size_tablet=&#8221;&#8221; text_font_size_phone=&#8221;&#8221; text_font_size_last_edited=&#8221;on|phone&#8221; use_border_color=&#8221;off&#8221; locked=&#8221;off&#8221; global_colors_info=&#8221;{}&#8221;]<\/p>\n<p class=\"caption\"><strong>En Directo<\/strong> <br>Short film poster and corporate image <em class=\"date\">(2014)<\/em> <br\/> <small class=\"copyright\">\u00a9 Imagen Factory<\/small><\/p>\n<p>[\/et_pb_text][\/et_pb_column][\/et_pb_row][et_pb_row column_padding_mobile=&#8221;on&#8221; admin_label=&#8221;Row&#8221; module_class=&#8221;inner_footer&#8221; _builder_version=&#8221;4.16&#8243; background_enable_color=&#8221;off&#8221; background_size=&#8221;initial&#8221; background_position=&#8221;top_left&#8221; background_repeat=&#8221;repeat&#8221; max_width=&#8221;980px&#8221; module_alignment=&#8221;center&#8221; custom_margin_last_edited=&#8221;off|desktop&#8221; animation_direction=&#8221;bottom&#8221; locked=&#8221;off&#8221; global_colors_info=&#8221;{}&#8221;][et_pb_column type=&#8221;4_4&#8243; _builder_version=&#8221;4.16&#8243; custom_padding=&#8221;|||&#8221; global_colors_info=&#8221;{}&#8221; custom_padding__hover=&#8221;|||&#8221;][et_pb_list list_title=&#8221;Following pictures:&#8221; module_class=&#8221;caption_multi&#8221; with_title=&#8221;off&#8221; admin_label=&#8221;Caption multi&#8221; _builder_version=&#8221;4.21.0&#8243; _module_preset=&#8221;default&#8221; locked=&#8221;off&#8221; global_colors_info=&#8221;{}&#8221;][et_pb_list_item title=&#8221;fig. 15&#8243; _builder_version=&#8221;4.21.0&#8243; _module_preset=&#8221;default&#8221; global_colors_info=&#8221;{}&#8221;]<strong>Centro Espa\u00f1ol de Sindonolog\u00eda<\/strong> I International Congress on the Holy Shroud in Spain <em class=\"date\">(2012)<\/em> [\/et_pb_list_item][et_pb_list_item title=&#8221;fig. 16&#8243; _builder_version=&#8221;4.13.1&#8243; _module_preset=&#8221;default&#8221; global_colors_info=&#8221;{}&#8221;]<strong>Press conference<\/strong> Presentation to the media of the website <em class=\"date\">(2008)<\/em> [\/et_pb_list_item][\/et_pb_list][\/et_pb_column][\/et_pb_row][\/et_pb_section][et_pb_section fb_built=&#8221;1&#8243; admin_label=&#8221;Row 9&#8243; module_id=&#8221;row_9&#8243; module_class=&#8221;row_multi_2&#8243; _builder_version=&#8221;4.16&#8243; background_enable_color=&#8221;off&#8221; custom_padding=&#8221;0px||0px|&#8221; custom_padding_tablet=&#8221;0px||0px|&#8221; transparent_background=&#8221;off&#8221; padding_mobile=&#8221;on&#8221; make_fullwidth=&#8221;off&#8221; use_custom_width=&#8221;off&#8221; width_unit=&#8221;on&#8221; global_colors_info=&#8221;{}&#8221;][et_pb_row column_structure=&#8221;1_2,1_2&#8243; use_custom_gutter=&#8221;on&#8221; gutter_width=&#8221;1&#8243; padding_mobile=&#8221;on&#8221; make_equal=&#8221;on&#8221; column_padding_mobile=&#8221;on&#8221; admin_label=&#8221;Row&#8221; module_class=&#8221; et_pb_row_fullwidth&#8221; _builder_version=&#8221;4.16&#8243; background_size=&#8221;initial&#8221; background_position=&#8221;top_left&#8221; background_repeat=&#8221;repeat&#8221; width=&#8221;100%&#8221; width_tablet=&#8221;100%&#8221; width_phone=&#8221;&#8221; width_last_edited=&#8221;on|desktop&#8221; max_width=&#8221;100%&#8221; max_width_tablet=&#8221;100%&#8221; max_width_phone=&#8221;&#8221; max_width_last_edited=&#8221;on|desktop&#8221; custom_padding=&#8221;0px||0px|&#8221; make_fullwidth=&#8221;on&#8221; use_custom_width=&#8221;off&#8221; width_unit=&#8221;on&#8221; custom_width_px=&#8221;680px&#8221; global_colors_info=&#8221;{}&#8221;][et_pb_column type=&#8221;1_2&#8243; _builder_version=&#8221;4.16&#8243; custom_padding=&#8221;|||&#8221; global_colors_info=&#8221;{}&#8221; custom_padding__hover=&#8221;|||&#8221;][et_pb_image src=&#8221;https:\/\/estudioeurisco.com\/en\/wp-content\/uploads\/2021\/11\/img-history-sponsorship-and-support-1.jpg&#8221; show_bottom_space=&#8221;off&#8221; align_tablet=&#8221;center&#8221; align_phone=&#8221;&#8221; align_last_edited=&#8221;on|desktop&#8221; admin_label=&#8221;Image&#8221; _builder_version=&#8221;4.16&#8243; use_border_color=&#8221;off&#8221; global_colors_info=&#8221;{}&#8221;][\/et_pb_image][\/et_pb_column][et_pb_column type=&#8221;1_2&#8243; _builder_version=&#8221;4.16&#8243; background_color=&#8221;#efefe9&#8243; custom_padding=&#8221;|||&#8221; global_colors_info=&#8221;{}&#8221; custom_padding__hover=&#8221;|||&#8221;][et_pb_image src=&#8221;https:\/\/estudioeurisco.com\/en\/wp-content\/uploads\/2021\/11\/img-history-juan-martin-diaz-web-page-presentation-1.jpg&#8221; show_bottom_space=&#8221;off&#8221; align_tablet=&#8221;center&#8221; align_phone=&#8221;&#8221; align_last_edited=&#8221;on|desktop&#8221; admin_label=&#8221;Image&#8221; _builder_version=&#8221;4.16&#8243; use_border_color=&#8221;off&#8221; global_colors_info=&#8221;{}&#8221;][\/et_pb_image][\/et_pb_column][\/et_pb_row][\/et_pb_section][et_pb_section fb_built=&#8221;1&#8243; custom_padding_last_edited=&#8221;off|desktop&#8221; admin_label=&#8221;Row 10 &#8211; Juan Mart\u00edn D\u00edaz&#8221; module_id=&#8221;row_10&#8243; module_class=&#8221;row_info&#8221; _builder_version=&#8221;4.16&#8243; background_enable_color=&#8221;off&#8221; custom_padding_phone=&#8221;40px||40px||false|false&#8221; transparent_background=&#8221;off&#8221; make_fullwidth=&#8221;off&#8221; use_custom_width=&#8221;off&#8221; width_unit=&#8221;on&#8221; global_colors_info=&#8221;{}&#8221;][et_pb_row column_structure=&#8221;1_2,1_2&#8243; make_equal=&#8221;on&#8221; column_padding_mobile=&#8221;on&#8221; custom_padding_last_edited=&#8221;off|desktop&#8221; admin_label=&#8221;Row&#8221; module_class=&#8221;cm_columns&#8221; _builder_version=&#8221;4.16&#8243; background_size=&#8221;initial&#8221; background_position=&#8221;top_left&#8221; background_repeat=&#8221;repeat&#8221; max_width=&#8221;980px&#8221; make_fullwidth=&#8221;on&#8221; use_custom_width=&#8221;on&#8221; width_unit=&#8221;on&#8221; custom_width_px=&#8221;880px&#8221; global_colors_info=&#8221;{}&#8221;][et_pb_column type=&#8221;1_2&#8243; module_class=&#8221;col_left&#8221; _builder_version=&#8221;4.16&#8243; custom_padding=&#8221;|||&#8221; global_colors_info=&#8221;{}&#8221; custom_padding__hover=&#8221;|||&#8221;][et_pb_text admin_label=&#8221;Text&#8221; _builder_version=&#8221;4.20.2&#8243; text_font=&#8221;||||&#8221; text_font_size=&#8221;20&#8243; text_line_height=&#8221;1.4em&#8221; background_size=&#8221;initial&#8221; background_position=&#8221;top_left&#8221; background_repeat=&#8221;repeat&#8221; max_width=&#8221;480px&#8221; custom_margin_last_edited=&#8221;off|phone&#8221; text_font_size_tablet=&#8221;&#8221; text_font_size_phone=&#8221;&#8221; text_font_size_last_edited=&#8221;on|tablet&#8221; use_border_color=&#8221;off&#8221; global_colors_info=&#8221;{}&#8221;]<\/p>\n<h3>Juan Mart\u00edn D\u00edaz <small>2008 &#8211; 2010<\/small><\/h3>\n<p class=\"desc\">Our collaboration with <strong>Juan Mart\u00edn D\u00edaz<\/strong>, a world-renowned padel player who was ranked number 1 in the world for 13 consecutive years (alongside <strong>Fernando Belasteguin<\/strong>), allowed us to explore the dynamic world of sports visual communication.<\/p>\n<p class=\"desc\">Through this experience, we gained valuable insights into the ever-evolving field of sport, where effective communication and graphics are crucial.<\/p>\n<p class=\"desc\">We maintained a balance between the needs of the client and the expectations of the audience, which allowed us to broaden our focus on similar projects.<\/p>\n<p class=\"desc\">We also honed our skills in communicating effectively with a broad sports audience, which prepared us for more complex challenges.<\/p>\n<p>[\/et_pb_text][et_pb_code disabled_on=&#8221;off|off|off&#8221; admin_label=&#8221;Continue reading &#8211; link&#8221; module_class=&#8221;learn_more w_icon&#8221; _builder_version=&#8221;4.20.2&#8243; _module_preset=&#8221;default&#8221; locked=&#8221;off&#8221; global_colors_info=&#8221;{}&#8221;]<a href=\"https:\/\/estudioeurisco.com\/en\/about-us\/sponsorship-and-collaborations\/\" target=\"_blank\" rel=\"noopener\"><strong>Learn more:<\/strong> Sponsorship and collaborations of Eurisco<\/a>[\/et_pb_code][\/et_pb_column][et_pb_column type=&#8221;1_2&#8243; module_class=&#8221;col_right&#8221; _builder_version=&#8221;4.16&#8243; custom_padding=&#8221;|||&#8221; global_colors_info=&#8221;{}&#8221; custom_padding__hover=&#8221;|||&#8221;][et_pb_image src=&#8221;https:\/\/estudioeurisco.com\/en\/wp-content\/uploads\/2021\/11\/img-history-professional-padel-player-juan-martin-diaz.jpg&#8221; alt=&#8221;Juan Mart\u00edn D\u00edaz &#8211; Argentinian professional padel player&#8221; title_text=&#8221;Fig. 17 &#8211; Juan Mart\u00edn D\u00edaz &#8211; Argentinian professional padel player&#8221; show_in_lightbox=&#8221;on&#8221; use_overlay=&#8221;on&#8221; overlay_icon_color=&#8221;#333333&#8243; hover_overlay_color=&#8221;rgba(229,229,229,0.6)&#8221; hover_icon=&#8221;&#xe042;||divi||400&#8243; align=&#8221;center&#8221; align_tablet=&#8221;center&#8221; align_phone=&#8221;&#8221; align_last_edited=&#8221;on|desktop&#8221; admin_label=&#8221;Image&#8221; _builder_version=&#8221;4.21.2&#8243; custom_margin=&#8221;||20px||false|false&#8221; custom_margin_tablet=&#8221;0px||||false|false&#8221; custom_margin_last_edited=&#8221;off|desktop&#8221; animation_style=&#8221;fade&#8221; animation_duration=&#8221;500ms&#8221; use_border_color=&#8221;off&#8221; border_color=&#8221;#ffffff&#8221; border_style=&#8221;solid&#8221; animation=&#8221;fade_in&#8221; sticky=&#8221;on&#8221; always_center_on_mobile=&#8221;on&#8221; global_colors_info=&#8221;{}&#8221;][\/et_pb_image][et_pb_text disabled_on=&#8221;off|off|off&#8221; admin_label=&#8221;Caption&#8221; _builder_version=&#8221;4.21.0&#8243; text_font=&#8221;||||&#8221; text_font_size=&#8221;24&#8243; text_line_height=&#8221;1.4em&#8221; background_size=&#8221;initial&#8221; background_position=&#8221;top_left&#8221; background_repeat=&#8221;repeat&#8221; module_alignment=&#8221;center&#8221; custom_margin_tablet=&#8221;||||false|false&#8221; custom_margin_last_edited=&#8221;off|desktop&#8221; text_font_size_tablet=&#8221;&#8221; text_font_size_phone=&#8221;&#8221; text_font_size_last_edited=&#8221;on|phone&#8221; use_border_color=&#8221;off&#8221; locked=&#8221;off&#8221; global_colors_info=&#8221;{}&#8221;]<\/p>\n<p class=\"caption\"><strong>Juan Mart\u00edn D\u00edaz<\/strong> <br>Argentinian professional padel player <br\/> <small class=\"copyright\">\u00a9 Mediobarco<\/small><\/p>\n<p>[\/et_pb_text][\/et_pb_column][\/et_pb_row][et_pb_row column_padding_mobile=&#8221;on&#8221; admin_label=&#8221;Row&#8221; module_class=&#8221;inner_footer&#8221; _builder_version=&#8221;4.16&#8243; background_enable_color=&#8221;off&#8221; background_size=&#8221;initial&#8221; background_position=&#8221;top_left&#8221; background_repeat=&#8221;repeat&#8221; max_width=&#8221;980px&#8221; module_alignment=&#8221;center&#8221; custom_margin_last_edited=&#8221;off|desktop&#8221; animation_direction=&#8221;bottom&#8221; locked=&#8221;off&#8221; global_colors_info=&#8221;{}&#8221;][et_pb_column type=&#8221;4_4&#8243; _builder_version=&#8221;4.16&#8243; custom_padding=&#8221;|||&#8221; global_colors_info=&#8221;{}&#8221; custom_padding__hover=&#8221;|||&#8221;][et_pb_list list_title=&#8221;Following pictures:&#8221; module_class=&#8221;caption_multi&#8221; with_title=&#8221;off&#8221; admin_label=&#8221;Caption multi&#8221; _builder_version=&#8221;4.21.0&#8243; _module_preset=&#8221;default&#8221; locked=&#8221;off&#8221; global_colors_info=&#8221;{}&#8221;][et_pb_list_item title=&#8221;fig. 18&#8243; _builder_version=&#8221;4.21.0&#8243; _module_preset=&#8221;default&#8221; global_colors_info=&#8221;{}&#8221;]<strong>Valencia Cathedral Museum<\/strong> Museum official presentation to the Press <em class=\"date\">(2016)<\/em> <small class=\"copyright\">\u00a9 <a href=\"https:\/\/www.flickr.com\/photos\/139773195@N05\/\" target=\"_blank\" rel=\"noopener\">Museo Catedral de Valencia<\/a><\/small> [\/et_pb_list_item][et_pb_list_item title=&#8221;fig. 19&#8243; _builder_version=&#8221;4.13.1&#8243; _module_preset=&#8221;default&#8221; global_colors_info=&#8221;{}&#8221;]<strong>Valencia Cathedral Museum<\/strong> People visiting the museum <em class=\"date\">(2019)<\/em> [\/et_pb_list_item][\/et_pb_list][\/et_pb_column][\/et_pb_row][\/et_pb_section][et_pb_section fb_built=&#8221;1&#8243; admin_label=&#8221;Row 11&#8243; module_id=&#8221;row_11&#8243; module_class=&#8221;row_multi_2&#8243; _builder_version=&#8221;4.16&#8243; background_enable_color=&#8221;off&#8221; custom_padding=&#8221;0px||0px|&#8221; custom_padding_tablet=&#8221;0px||0px|&#8221; transparent_background=&#8221;off&#8221; padding_mobile=&#8221;on&#8221; make_fullwidth=&#8221;off&#8221; use_custom_width=&#8221;off&#8221; width_unit=&#8221;on&#8221; global_colors_info=&#8221;{}&#8221;][et_pb_row column_structure=&#8221;1_2,1_2&#8243; use_custom_gutter=&#8221;on&#8221; gutter_width=&#8221;1&#8243; padding_mobile=&#8221;on&#8221; make_equal=&#8221;on&#8221; column_padding_mobile=&#8221;on&#8221; admin_label=&#8221;Row&#8221; module_class=&#8221; et_pb_row_fullwidth&#8221; _builder_version=&#8221;4.16&#8243; background_size=&#8221;initial&#8221; background_position=&#8221;top_left&#8221; background_repeat=&#8221;repeat&#8221; width=&#8221;100%&#8221; width_tablet=&#8221;100%&#8221; width_phone=&#8221;&#8221; width_last_edited=&#8221;on|desktop&#8221; max_width=&#8221;100%&#8221; max_width_tablet=&#8221;100%&#8221; max_width_phone=&#8221;&#8221; max_width_last_edited=&#8221;on|desktop&#8221; custom_padding=&#8221;0px||0px|&#8221; make_fullwidth=&#8221;on&#8221; use_custom_width=&#8221;off&#8221; width_unit=&#8221;on&#8221; custom_width_px=&#8221;680px&#8221; global_colors_info=&#8221;{}&#8221;][et_pb_column type=&#8221;1_2&#8243; _builder_version=&#8221;4.16&#8243; custom_padding=&#8221;|||&#8221; global_colors_info=&#8221;{}&#8221; custom_padding__hover=&#8221;|||&#8221;][et_pb_image src=&#8221;https:\/\/estudioeurisco.com\/en\/wp-content\/uploads\/2021\/11\/img-history-inauguration-of-the-valencia-cathedral-museum.jpg&#8221; alt=&#8221;<strong>Valencia Cathedral Museum<\/strong> Inauguration of the Museum in front of the media <em>2016<\/em>&#8211; <em>\u00a9Museo Catedral de Valencia<\/em>&#8221; title_text=&#8221;fig. 18 &#8211; Valencia Cathedral Museum &#8211; Inauguration of the Museum in front of the media &#8211; 2016&#8243; show_bottom_space=&#8221;off&#8221; align_tablet=&#8221;center&#8221; align_phone=&#8221;&#8221; align_last_edited=&#8221;on|desktop&#8221; admin_label=&#8221;Image&#8221; _builder_version=&#8221;4.16&#8243; use_border_color=&#8221;off&#8221; global_colors_info=&#8221;{}&#8221;][\/et_pb_image][\/et_pb_column][et_pb_column type=&#8221;1_2&#8243; _builder_version=&#8221;4.16&#8243; background_color=&#8221;#efefe9&#8243; custom_padding=&#8221;|||&#8221; global_colors_info=&#8221;{}&#8221; custom_padding__hover=&#8221;|||&#8221;][et_pb_image src=&#8221;https:\/\/estudioeurisco.com\/en\/wp-content\/uploads\/2021\/11\/img-history-visitors-at-the-valencia-cathedral-museum.jpg&#8221; alt=&#8221;<strong>Valencia Cathedral Museum<\/strong> People visiting the museum <em>2019<\/em>&#8221; title_text=&#8221;fig. 19 &#8211; Valencia Cathedral Museum &#8211; People visiting the museum &#8211; 2019&#8243; show_bottom_space=&#8221;off&#8221; align_tablet=&#8221;center&#8221; align_phone=&#8221;&#8221; align_last_edited=&#8221;on|desktop&#8221; admin_label=&#8221;Image&#8221; _builder_version=&#8221;4.21.0&#8243; use_border_color=&#8221;off&#8221; global_colors_info=&#8221;{}&#8221;][\/et_pb_image][\/et_pb_column][\/et_pb_row][\/et_pb_section][et_pb_section fb_built=&#8221;1&#8243; custom_padding_last_edited=&#8221;off|phone&#8221; admin_label=&#8221;Row 12 &#8211; Museo Valencia Cathedral&#8221; module_id=&#8221;row_12&#8243; module_class=&#8221;row_info&#8221; _builder_version=&#8221;4.16&#8243; global_colors_info=&#8221;{}&#8221;][et_pb_row column_structure=&#8221;1_2,1_2&#8243; make_equal=&#8221;on&#8221; column_padding_mobile=&#8221;on&#8221; custom_padding_last_edited=&#8221;off|desktop&#8221; admin_label=&#8221;Row&#8221; _builder_version=&#8221;4.16&#8243; background_size=&#8221;initial&#8221; background_position=&#8221;top_left&#8221; background_repeat=&#8221;repeat&#8221; max_width=&#8221;980px&#8221; module_alignment=&#8221;center&#8221; custom_padding_phone=&#8221;40px||40px||false|false&#8221; make_fullwidth=&#8221;off&#8221; use_custom_width=&#8221;off&#8221; width_unit=&#8221;on&#8221; global_colors_info=&#8221;{}&#8221;][et_pb_column type=&#8221;1_2&#8243; disabled_on=&#8221;on|on|off&#8221; _builder_version=&#8221;4.16&#8243; custom_padding=&#8221;|||&#8221; global_colors_info=&#8221;{}&#8221; custom_padding__hover=&#8221;|||&#8221;][et_pb_image src=&#8221;https:\/\/estudioeurisco.com\/en\/wp-content\/uploads\/2021\/11\/img-vista-de-la-sala-de-la-columna-del-museo-catedral-de-valencia.jpg&#8221; show_in_lightbox=&#8221;on&#8221; use_overlay=&#8221;on&#8221; overlay_icon_color=&#8221;#ffffff&#8221; hover_overlay_color=&#8221;rgba(0,0,0,0.6)&#8221; hover_icon=&#8221;&#xe042;||divi||400&#8243; show_bottom_space=&#8221;off&#8221; align=&#8221;center&#8221; align_tablet=&#8221;center&#8221; align_phone=&#8221;&#8221; align_last_edited=&#8221;on|desktop&#8221; admin_label=&#8221;Image&#8221; _builder_version=&#8221;4.17.3&#8243; custom_margin=&#8221;0px||20px||false|false&#8221; custom_margin_tablet=&#8221;0px||||false|false&#8221; custom_margin_last_edited=&#8221;off|desktop&#8221; animation_style=&#8221;fade&#8221; animation_duration=&#8221;500ms&#8221; use_border_color=&#8221;off&#8221; border_color=&#8221;#ffffff&#8221; border_style=&#8221;solid&#8221; animation=&#8221;fade_in&#8221; sticky=&#8221;on&#8221; always_center_on_mobile=&#8221;on&#8221; locked=&#8221;off&#8221; global_colors_info=&#8221;{}&#8221;][\/et_pb_image][et_pb_text disabled_on=&#8221;off|off|off&#8221; admin_label=&#8221;Caption&#8221; _builder_version=&#8221;4.16&#8243; text_font=&#8221;||||&#8221; text_font_size=&#8221;24&#8243; text_line_height=&#8221;1.4em&#8221; background_size=&#8221;initial&#8221; background_position=&#8221;top_left&#8221; background_repeat=&#8221;repeat&#8221; background_layout=&#8221;dark&#8221; module_alignment=&#8221;center&#8221; custom_margin_tablet=&#8221;||||false|false&#8221; custom_margin_last_edited=&#8221;off|desktop&#8221; text_font_size_tablet=&#8221;&#8221; text_font_size_phone=&#8221;&#8221; text_font_size_last_edited=&#8221;on|phone&#8221; use_border_color=&#8221;off&#8221; locked=&#8221;off&#8221; global_colors_info=&#8221;{}&#8221;]<\/p>\n<p class=\"caption\"><strong>Valencia Cathedral Museum<\/strong> <br>The Borgia Room <em class=\"date\">(2016)<\/em><\/p>\n<p>[\/et_pb_text][\/et_pb_column][et_pb_column type=&#8221;1_2&#8243; _builder_version=&#8221;4.16&#8243; custom_padding=&#8221;|||&#8221; global_colors_info=&#8221;{}&#8221; custom_padding__hover=&#8221;|||&#8221;][et_pb_text admin_label=&#8221;Text&#8221; _builder_version=&#8221;4.21.0&#8243; text_font=&#8221;||||&#8221; background_size=&#8221;initial&#8221; background_position=&#8221;top_left&#8221; background_repeat=&#8221;repeat&#8221; max_width=&#8221;620px&#8221; custom_margin_last_edited=&#8221;off|desktop&#8221; text_font_size_last_edited=&#8221;off|desktop&#8221; use_border_color=&#8221;off&#8221; global_colors_info=&#8221;{}&#8221;]<\/p>\n<h3>Valencia Cathedral Museum <small>2015 &#8211; 2026<\/small><\/h3>\n<h4>Brand identity.<\/h4>\n<p class=\"desc\">The Valencia Cathedral Museum project was a significant accomplishment for our multidisciplinary design team. We not only took on the challenge of visually communicating the institution&#8217;s history and significance, but also shouldered the responsibility of developing a powerful and compelling branding system.<\/p>\n<p class=\"desc\">Thanks to a collaborative process with our client, we crafted a comprehensive corporate identity that satisfied their unique needs. From branding and website to label and packaging design, every element has been meticulously planned to present the museum&#8217;s identity in a cohesive, memorable and timeless manner.<\/p>\n<p class=\"desc\">This work allowed us to improve collaboration between external departments, identify potential problems in advance and create new protocols for organisation and management. Considering the great historical, cultural and religious significance, we very much appreciate the opportunity to participate in such a project.<\/p>\n<p>[\/et_pb_text][et_pb_code disabled_on=&#8221;off|off|off&#8221; admin_label=&#8221;Continue reading &#8211; link&#8221; module_class=&#8221;learn_more w_icon&#8221; _builder_version=&#8221;4.20.2&#8243; _module_preset=&#8221;default&#8221; locked=&#8221;off&#8221; global_colors_info=&#8221;{}&#8221;]<a href=\"https:\/\/estudioeurisco.com\/en\/works\/project\/web-design-for-valencia-cathedral-official-website-museum\/\" target=\"_blank\" rel=\"noopener\"><strong>Continue reading:<\/strong> Valencia Cathedral Museum corporate image<\/a>[\/et_pb_code][\/et_pb_column][\/et_pb_row][et_pb_row column_padding_mobile=&#8221;on&#8221; admin_label=&#8221;Row&#8221; module_class=&#8221;inner_footer&#8221; _builder_version=&#8221;4.16&#8243; background_enable_color=&#8221;off&#8221; background_size=&#8221;initial&#8221; background_position=&#8221;top_left&#8221; background_repeat=&#8221;repeat&#8221; max_width=&#8221;980px&#8221; module_alignment=&#8221;center&#8221; custom_margin_last_edited=&#8221;off|desktop&#8221; animation_direction=&#8221;bottom&#8221; locked=&#8221;off&#8221; global_colors_info=&#8221;{}&#8221;][et_pb_column type=&#8221;4_4&#8243; _builder_version=&#8221;4.16&#8243; custom_padding=&#8221;|||&#8221; global_colors_info=&#8221;{}&#8221; custom_padding__hover=&#8221;|||&#8221;][et_pb_list list_title=&#8221;Following pictures:&#8221; module_class=&#8221;caption_multi&#8221; with_title=&#8221;off&#8221; admin_label=&#8221;Caption multi&#8221; _builder_version=&#8221;4.16&#8243; _module_preset=&#8221;default&#8221; locked=&#8221;off&#8221; global_colors_info=&#8221;{}&#8221;][et_pb_list_item title=&#8221;fig. 21-26&#8243; _builder_version=&#8221;4.13.1&#8243; _module_preset=&#8221;default&#8221; global_colors_info=&#8221;{}&#8221;]<strong>Action for global Health<\/strong> Concept images for communication video <em class=\"date\">(2014)<\/em> [\/et_pb_list_item][\/et_pb_list][\/et_pb_column][\/et_pb_row][\/et_pb_section][et_pb_section fb_built=&#8221;1&#8243; admin_label=&#8221;Row 13&#8243; module_id=&#8221;row_13&#8243; module_class=&#8221;row_multi_6&#8243; _builder_version=&#8221;4.16&#8243; background_enable_color=&#8221;off&#8221; custom_padding=&#8221;0px||0px|&#8221; custom_padding_tablet=&#8221;0px||0px|&#8221; transparent_background=&#8221;off&#8221; padding_mobile=&#8221;on&#8221; make_fullwidth=&#8221;off&#8221; use_custom_width=&#8221;off&#8221; width_unit=&#8221;on&#8221; global_colors_info=&#8221;{}&#8221;][et_pb_row column_structure=&#8221;1_6,1_6,1_6,1_6,1_6,1_6&#8243; use_custom_gutter=&#8221;on&#8221; gutter_width=&#8221;1&#8243; padding_mobile=&#8221;on&#8221; make_equal=&#8221;on&#8221; column_padding_mobile=&#8221;on&#8221; admin_label=&#8221;Row&#8221; module_class=&#8221; et_pb_row_fullwidth&#8221; _builder_version=&#8221;4.16&#8243; background_size=&#8221;initial&#8221; background_position=&#8221;top_left&#8221; background_repeat=&#8221;repeat&#8221; width=&#8221;100%&#8221; width_tablet=&#8221;100%&#8221; width_phone=&#8221;&#8221; width_last_edited=&#8221;on|desktop&#8221; max_width=&#8221;100%&#8221; max_width_tablet=&#8221;100%&#8221; max_width_phone=&#8221;&#8221; max_width_last_edited=&#8221;on|desktop&#8221; custom_padding=&#8221;0px||0px|&#8221; make_fullwidth=&#8221;on&#8221; use_custom_width=&#8221;off&#8221; width_unit=&#8221;on&#8221; custom_width_px=&#8221;680px&#8221; global_colors_info=&#8221;{}&#8221;][et_pb_column type=&#8221;1_6&#8243; _builder_version=&#8221;4.16&#8243; custom_padding=&#8221;|||&#8221; global_colors_info=&#8221;{}&#8221; custom_padding__hover=&#8221;|||&#8221;][et_pb_image src=&#8221;https:\/\/estudioeurisco.com\/en\/wp-content\/uploads\/2021\/11\/img-history-afgh-stills-video-2014-1.jpg&#8221; alt=&#8221;<strong>Action for global Health<\/strong> Concept images for communication video <em>2014<\/em>&#8221; title_text=&#8221;fig. 21 &#8211; Action for global Health &#8211; Concept images for communication video &#8211; 2014&#8243; admin_label=&#8221;Image&#8221; _builder_version=&#8221;4.16&#8243; global_colors_info=&#8221;{}&#8221;][\/et_pb_image][\/et_pb_column][et_pb_column type=&#8221;1_6&#8243; _builder_version=&#8221;4.16&#8243; background_color=&#8221;#efefe9&#8243; custom_padding=&#8221;|||&#8221; global_colors_info=&#8221;{}&#8221; custom_padding__hover=&#8221;|||&#8221;][et_pb_image src=&#8221;https:\/\/estudioeurisco.com\/en\/wp-content\/uploads\/2021\/11\/img-history-afgh-stills-video-2014-2.jpg&#8221; alt=&#8221;<strong>Action for global Health<\/strong> Concept images for communication video <em>2014<\/em>&#8221; title_text=&#8221;fig. 22 &#8211; Action for global Health &#8211; Concept images for communication video &#8211; 2014&#8243; admin_label=&#8221;Image&#8221; _builder_version=&#8221;4.16&#8243; global_colors_info=&#8221;{}&#8221;][\/et_pb_image][\/et_pb_column][et_pb_column type=&#8221;1_6&#8243; _builder_version=&#8221;4.16&#8243; background_color=&#8221;#efefe9&#8243; custom_padding=&#8221;|||&#8221; global_colors_info=&#8221;{}&#8221; custom_padding__hover=&#8221;|||&#8221;][et_pb_image src=&#8221;https:\/\/estudioeurisco.com\/en\/wp-content\/uploads\/2021\/11\/img-history-afgh-stills-video-2014-3.jpg&#8221; alt=&#8221;<strong>Action for global Health<\/strong> Concept images for communication video <em>2014<\/em>&#8221; title_text=&#8221;fig. 23 &#8211; Action for global Health &#8211; Concept images for communication video &#8211; 2014&#8243; admin_label=&#8221;Image&#8221; _builder_version=&#8221;4.16&#8243; global_colors_info=&#8221;{}&#8221;][\/et_pb_image][\/et_pb_column][et_pb_column type=&#8221;1_6&#8243; _builder_version=&#8221;4.16&#8243; background_color=&#8221;#efefe9&#8243; custom_padding=&#8221;|||&#8221; global_colors_info=&#8221;{}&#8221; custom_padding__hover=&#8221;|||&#8221;][et_pb_image src=&#8221;https:\/\/estudioeurisco.com\/en\/wp-content\/uploads\/2021\/11\/img-history-afgh-stills-video-2014-4.jpg&#8221; alt=&#8221;<strong>Action for global Health<\/strong> Concept images for communication video <em>2014<\/em>&#8221; title_text=&#8221;fig. 24 &#8211; Action for global Health &#8211; Concept images for communication video &#8211; 2014&#8243; admin_label=&#8221;Image&#8221; _builder_version=&#8221;4.16&#8243; global_colors_info=&#8221;{}&#8221;][\/et_pb_image][\/et_pb_column][et_pb_column type=&#8221;1_6&#8243; _builder_version=&#8221;4.16&#8243; background_color=&#8221;#efefe9&#8243; custom_padding=&#8221;|||&#8221; global_colors_info=&#8221;{}&#8221; custom_padding__hover=&#8221;|||&#8221;][et_pb_image src=&#8221;https:\/\/estudioeurisco.com\/en\/wp-content\/uploads\/2021\/11\/img-history-afgh-stills-video-2014-5.jpg&#8221; alt=&#8221;<strong>Action for global Health<\/strong> Concept images for communication video <em>2014<\/em>&#8221; title_text=&#8221;fig. 25 &#8211; Action for global Health &#8211; Concept images for communication video &#8211; 2014&#8243; admin_label=&#8221;Image&#8221; _builder_version=&#8221;4.16&#8243; global_colors_info=&#8221;{}&#8221;][\/et_pb_image][\/et_pb_column][et_pb_column type=&#8221;1_6&#8243; _builder_version=&#8221;4.16&#8243; background_color=&#8221;#efefe9&#8243; custom_padding=&#8221;|||&#8221; global_colors_info=&#8221;{}&#8221; custom_padding__hover=&#8221;|||&#8221;][et_pb_image src=&#8221;https:\/\/estudioeurisco.com\/en\/wp-content\/uploads\/2021\/11\/img-history-afgh-stills-video-2014-6.jpg&#8221; alt=&#8221;<strong>Action for global Health<\/strong> Concept images for communication video <em>2014<\/em>&#8221; title_text=&#8221;fig. 26 &#8211; Action for global Health &#8211; Concept images for communication video &#8211; 2014&#8243; admin_label=&#8221;Image&#8221; _builder_version=&#8221;4.16&#8243; global_colors_info=&#8221;{}&#8221;][\/et_pb_image][\/et_pb_column][\/et_pb_row][\/et_pb_section][et_pb_section fb_built=&#8221;1&#8243; custom_padding_last_edited=&#8221;off|phone&#8221; admin_label=&#8221;Row 14 &#8211; Motion Design and Animated Videos&#8221; module_id=&#8221;row_14&#8243; module_class=&#8221;row_info&#8221; _builder_version=&#8221;4.16&#8243; locked=&#8221;off&#8221; collapsed=&#8221;off&#8221; global_colors_info=&#8221;{}&#8221;][et_pb_row column_structure=&#8221;1_2,1_2&#8243; use_custom_gutter=&#8221;on&#8221; column_padding_mobile=&#8221;on&#8221; custom_padding_last_edited=&#8221;off|desktop&#8221; admin_label=&#8221;Row&#8221; _builder_version=&#8221;4.16&#8243; background_size=&#8221;initial&#8221; background_position=&#8221;top_left&#8221; background_repeat=&#8221;repeat&#8221; max_width=&#8221;980px&#8221; custom_padding=&#8221;0px||||false|false&#8221; custom_padding_tablet=&#8221;||||false|false&#8221; make_fullwidth=&#8221;on&#8221; use_custom_width=&#8221;on&#8221; custom_width_px=&#8221;880px&#8221; global_colors_info=&#8221;{}&#8221;][et_pb_column type=&#8221;1_2&#8243; disabled_on=&#8221;on|on|off&#8221; _builder_version=&#8221;4.16&#8243; custom_padding=&#8221;|||&#8221; global_colors_info=&#8221;{}&#8221; custom_padding__hover=&#8221;|||&#8221;][et_pb_image src=&#8221;https:\/\/estudioeurisco.com\/en\/wp-content\/uploads\/2021\/11\/img-history-ippf-concept-image-for-video-2021.jpg&#8221; alt=&#8221;<strong>My Body, My Rights<\/strong> Concept image for communication video <em>2021<\/em>&#8221; title_text=&#8221;fig. 27 &#8211; My Body, My Rights &#8211; Concept image for communication video &#8211; 2021&#8243; show_in_lightbox=&#8221;on&#8221; use_overlay=&#8221;on&#8221; hover_icon=&#8221;&#xe042;||divi||400&#8243; force_fullwidth=&#8221;on&#8221; align_tablet=&#8221;center&#8221; align_phone=&#8221;&#8221; align_last_edited=&#8221;on|desktop&#8221; disabled_on=&#8221;off|off|off&#8221; admin_label=&#8221;Image&#8221; _builder_version=&#8221;4.17.3&#8243; custom_margin=&#8221;0px||20px||false|false&#8221; custom_margin_tablet=&#8221;0px|||&#8221; custom_margin_last_edited=&#8221;off|desktop&#8221; animation_style=&#8221;fade&#8221; animation_direction=&#8221;left&#8221; animation_duration=&#8221;500ms&#8221; use_border_color=&#8221;off&#8221; global_colors_info=&#8221;{}&#8221;][\/et_pb_image][et_pb_text disabled_on=&#8221;off|off|off&#8221; admin_label=&#8221;Caption&#8221; _builder_version=&#8221;4.16&#8243; text_font=&#8221;||||&#8221; text_font_size=&#8221;24&#8243; text_line_height=&#8221;1.4em&#8221; background_size=&#8221;initial&#8221; background_position=&#8221;top_left&#8221; background_repeat=&#8221;repeat&#8221; module_alignment=&#8221;center&#8221; custom_margin_tablet=&#8221;||||false|false&#8221; custom_margin_last_edited=&#8221;off|desktop&#8221; text_font_size_tablet=&#8221;&#8221; text_font_size_phone=&#8221;&#8221; text_font_size_last_edited=&#8221;on|phone&#8221; use_border_color=&#8221;off&#8221; locked=&#8221;off&#8221; global_colors_info=&#8221;{}&#8221;]<\/p>\n<p class=\"caption\"><strong>My Body, My Rights<\/strong> <br>Concept image for communication video <br\/><em class=\"date\">(2021)<\/em><\/p>\n<p>[\/et_pb_text][\/et_pb_column][et_pb_column type=&#8221;1_2&#8243; _builder_version=&#8221;4.16&#8243; custom_padding=&#8221;|||&#8221; global_colors_info=&#8221;{}&#8221; custom_padding__hover=&#8221;|||&#8221;][et_pb_text admin_label=&#8221;Text&#8221; _builder_version=&#8221;4.21.0&#8243; text_font=&#8221;||||&#8221; text_font_size=&#8221;20&#8243; text_line_height=&#8221;1.4em&#8221; background_size=&#8221;initial&#8221; background_position=&#8221;top_left&#8221; background_repeat=&#8221;repeat&#8221; max_width=&#8221;620px&#8221; custom_margin_tablet=&#8221;||||false|false&#8221; custom_margin_last_edited=&#8221;off|desktop&#8221; text_font_size_tablet=&#8221;&#8221; text_font_size_phone=&#8221;&#8221; text_font_size_last_edited=&#8221;on|tablet&#8221; use_border_color=&#8221;off&#8221; global_colors_info=&#8221;{}&#8221;]<\/p>\n<h3>NGOs Campaigns <small>2014 &#8211; 2026<\/small><\/h3>\n<h4>Animated videos and more.<\/h4>\n<p class=\"desc\">Working hand in hand with NGOs and NPOs has been a rewarding experience for our team.<\/p>\n<p class=\"desc\">In terms of communication, in projects involving multiple stakeholders from diverse backgrounds and countries, effective communication becomes paramount. We have learned to navigate cultural nuances, and varying perspectives, honing our skills in clear and concise communication to reach better outcomes.<\/p>\n<p class=\"desc\">It has also been instrumental in strengthen our flexibility. These organizations operate in dynamic environments, which have taught us to adapt quickly and efficiently. Embracing unforeseen challenges and being more proactive has not only made us more agile in our design processes but has also enhanced our services.<\/p>\n<p>[\/et_pb_text][et_pb_code disabled_on=&#8221;off|off|off&#8221; admin_label=&#8221;Continue reading &#8211; link&#8221; module_class=&#8221;learn_more w_icon&#8221; _builder_version=&#8221;4.21.0&#8243; _module_preset=&#8221;default&#8221; locked=&#8221;off&#8221; global_colors_info=&#8221;{}&#8221;]<a href=\"https:\/\/estudioeurisco.com\/en\/sectors\/design-for-ngos-and-npo\/\" target=\"_blank\" rel=\"noopener\"><strong>Learn more:<\/strong> Design for NGOs and Non-Profits.<\/a>[\/et_pb_code][\/et_pb_column][\/et_pb_row][\/et_pb_section][et_pb_section fb_built=&#8221;1&#8243; custom_padding_last_edited=&#8221;off|phone&#8221; admin_label=&#8221;Row 15 &#8211; The future&#8221; module_id=&#8221;row_15&#8243; module_class=&#8221;row_info row_last&#8221; _builder_version=&#8221;4.21.0&#8243; locked=&#8221;off&#8221; collapsed=&#8221;off&#8221; global_colors_info=&#8221;{}&#8221;][et_pb_row use_custom_gutter=&#8221;on&#8221; column_padding_mobile=&#8221;on&#8221; custom_padding_last_edited=&#8221;off|desktop&#8221; admin_label=&#8221;Row&#8221; module_class=&#8221;cm-waypoint&#8221; _builder_version=&#8221;4.21.2&#8243; background_size=&#8221;initial&#8221; background_position=&#8221;top_left&#8221; background_repeat=&#8221;repeat&#8221; max_width=&#8221;980px&#8221; custom_padding=&#8221;0px||||false|false&#8221; custom_padding_tablet=&#8221;||||false|false&#8221; make_fullwidth=&#8221;on&#8221; use_custom_width=&#8221;on&#8221; custom_width_px=&#8221;880px&#8221; global_colors_info=&#8221;{}&#8221;][et_pb_column type=&#8221;4_4&#8243; disabled_on=&#8221;off|off|off&#8221; _builder_version=&#8221;4.21.0&#8243; custom_padding=&#8221;|||&#8221; global_colors_info=&#8221;{}&#8221; custom_padding__hover=&#8221;|||&#8221;][et_pb_text admin_label=&#8221;Text&#8221; _builder_version=&#8221;4.21.2&#8243; text_font=&#8221;||||&#8221; text_font_size=&#8221;20&#8243; text_line_height=&#8221;1.4em&#8221; background_size=&#8221;initial&#8221; background_position=&#8221;top_left&#8221; background_repeat=&#8221;repeat&#8221; custom_margin_tablet=&#8221;||||false|false&#8221; custom_margin_last_edited=&#8221;off|desktop&#8221; text_font_size_tablet=&#8221;&#8221; text_font_size_phone=&#8221;&#8221; text_font_size_last_edited=&#8221;on|tablet&#8221; use_border_color=&#8221;off&#8221; global_colors_info=&#8221;{}&#8221;]<\/p>\n<h3>The <span class=\"txt_highlight\">future<\/span><\/h3>\n<p class=\"desc\">As a design studio, our objective is to remain up-to-date and continuously grow our expertise in response to the constant innovation and evolution of communication channels in the digital world.<\/p>\n<p class=\"desc\">We strive to adapt to these changes and leverage new tools and technologies to enhance and broaden our services, always with the intention of making a positive impact and fostering quality relationships with our clients and colleagues in the sector.<\/p>\n<p>[\/et_pb_text][\/et_pb_column][\/et_pb_row][\/et_pb_section]<\/p>\n","protected":false},"excerpt":{"rendered":"Our constant evolution stems from our interaction with each project, driving us to learn and develop new and effective ways of working. This growth has elevated us as professionals and communicators, as evident in our achievements listed below. ","protected":false},"author":1,"featured_media":587,"parent":52,"menu_order":0,"comment_status":"closed","ping_status":"closed","template":"","meta":{"_acf_changed":false,"_et_pb_use_builder":"on","_et_pb_old_content":"","_et_gb_content_width":"","inline_featured_image":false,"footnotes":""},"class_list":["post-53","page","type-page","status-publish","has-post-thumbnail","hentry"],"acf":[],"_links":{"self":[{"href":"https:\/\/estudioeurisco.com\/en\/wp-json\/wp\/v2\/pages\/53","targetHints":{"allow":["GET"]}}],"collection":[{"href":"https:\/\/estudioeurisco.com\/en\/wp-json\/wp\/v2\/pages"}],"about":[{"href":"https:\/\/estudioeurisco.com\/en\/wp-json\/wp\/v2\/types\/page"}],"author":[{"embeddable":true,"href":"https:\/\/estudioeurisco.com\/en\/wp-json\/wp\/v2\/users\/1"}],"replies":[{"embeddable":true,"href":"https:\/\/estudioeurisco.com\/en\/wp-json\/wp\/v2\/comments?post=53"}],"version-history":[{"count":0,"href":"https:\/\/estudioeurisco.com\/en\/wp-json\/wp\/v2\/pages\/53\/revisions"}],"up":[{"embeddable":true,"href":"https:\/\/estudioeurisco.com\/en\/wp-json\/wp\/v2\/pages\/52"}],"wp:featuredmedia":[{"embeddable":true,"href":"https:\/\/estudioeurisco.com\/en\/wp-json\/wp\/v2\/media\/587"}],"wp:attachment":[{"href":"https:\/\/estudioeurisco.com\/en\/wp-json\/wp\/v2\/media?parent=53"}],"curies":[{"name":"wp","href":"https:\/\/api.w.org\/{rel}","templated":true}]}}